{"id":1014,"date":"2026-09-01T12:04:53","date_gmt":"2026-09-01T15:04:53","guid":{"rendered":"https:\/\/bibliotecamunzon.ar\/?page_id=1014"},"modified":"2026-09-01T14:00:58","modified_gmt":"2026-09-01T17:00:58","slug":"concurso-fotografico-2026","status":"publish","type":"page","link":"https:\/\/bibliotecamunzon.ar\/index.php\/concurso-fotografico-2026\/","title":{"rendered":"CONCURSO FOTOGR\u00c1FICO 2026"},"content":{"rendered":"<p>[vc_row][vc_column width=&#8221;1\/1&#8243;][vc_column_text uncode_shortcode_id=&#8221;662095&#8243;]<\/p>\n<p style=\"text-align: center;\"><span style=\"font-size: 30pt; color: #000000;\"><span class=\"font-167140\">CONCURSO FOTOGR\u00c1FICO 2026 EN LA BIBLIOTECA POPULAR HISTORIADOR MUNZ\u00d3N<\/span><\/span><\/p>\n<p>[\/vc_column_text][vc_separator sep_color=&#8221;color-128080&#8243; uncode_shortcode_id=&#8221;176868&#8243; sep_color_type=&#8221;uncode-palette&#8221;][vc_column_text uncode_shortcode_id=&#8221;840247&#8243;]<\/p>\n<p class=\"p-2 mb-1 bt\"><span class=\"font-769965\" style=\"color: #000000;\">Con motivo de la celebraci\u00f3n de los 30 a\u00f1os de fundaci\u00f3n de la Biblioteca Popular Historiador Munz\u00f3n, y con el fin de convocar a la participaci\u00f3n de la comunidad, invitamos a participar del <strong>CONCURSO FOTOGR\u00c1FICO:<\/strong><\/span><\/p>\n<p class=\"p-2 mb-1 bt\" style=\"text-align: center;\"><span style=\"font-size: 14pt;\"><strong><span class=\"font-769965\" style=\"color: #000000;\">\u00a0\u201cIDENTIDAD BELLA VISTA. Una mirada fotogr\u00e1fica\u201d.<\/span><\/strong><\/span><\/p>\n<p>&nbsp;<\/p>\n<p class=\"p-2 mb-1 bt\" style=\"text-align: center;\"><span class=\"font-769965\" style=\"color: #000000;\"><strong>OBJETIVO<\/strong><\/span><\/p>\n<p class=\"p-2 mb-1 bt\"><span class=\"font-769965\" style=\"color: #000000;\">Fomentar la participaci\u00f3n comunitaria a trav\u00e9s del lenguaje fotogr\u00e1fico mediante im\u00e1genes que reflejen nuestra identidad y que tengan como protagonistas el quehacer de nuestra gente, el paisaje natural y el patrimonio edilicio.<\/span><\/p>\n<p class=\"p-2 mb-1 bt\" style=\"text-align: center;\"><span class=\"font-769965\" style=\"color: #000000;\"><br \/>\n<strong>BASES Y CONDICIONES DE PARTICIPACI\u00d3N<\/strong><\/span><\/p>\n<p class=\"p-2 mb-1 bt\"><span class=\"font-769965\" style=\"color: #000000;\">El presente concurso fotogr\u00e1fico es libre, gratuito y abierto a toda persona de nacionalidad argentina o extranjera, profesional o aficionada a la fotograf\u00eda, residente o no de la ciudad de Bella Vista, sin l\u00edmite de edad.<br \/>\nLos menores deber\u00e1n hacerlo con la autorizaci\u00f3n expresa de sus padres o tutores.<\/span><\/p>\n<p class=\"p-2 mb-1 bt\"><span class=\"font-769965\" style=\"color: #000000;\">Las obras podr\u00e1n ser realizadas mediante cualquier procedimiento fotogr\u00e1fico anal\u00f3gico o digital, utilizando c\u00e1mara fotogr\u00e1fica o tel\u00e9fono celular.<br \/>\nNo se admitir\u00e1n fotograf\u00edas creadas o modificadas mediante herramientas de inteligencia artificial generativa. Se permitir\u00e1n ajustes y retoques fotogr\u00e1ficos tales como recorte, exposici\u00f3n, brillo, contraste, color, saturaci\u00f3n, nitidez y otros ajustes b\u00e1sicos propios de la edici\u00f3n fotogr\u00e1fica, siempre que no alteren sustancialmente el contenido de la imagen ni incorporen, eliminen o generen elementos mediante inteligencia artificial.<br \/>\n<\/span><\/p>\n<p class=\"p-2 mb-1 bt\"><span class=\"font-769965\" style=\"color: #000000;\">No podr\u00e1n participar los miembros de la Comisi\u00f3n Directiva de la Biblioteca ni familiares directos del jurado.<\/span><\/p>\n<p class=\"p-2 mb-1 bt\"><span class=\"font-769965\" style=\"color: #000000;\">El tema ser\u00e1 \u201c<strong>IDENTIDAD BELLA VISTA<\/strong>\u201d.<\/span><\/p>\n<p class=\"p-2 mb-1 bt\"><span class=\"font-769965\" style=\"color: #000000;\">La mera participaci\u00f3n implica la aceptaci\u00f3n de estas bases y condiciones por parte de los participantes.<\/span><\/p>\n<p class=\"p-2 mb-1 bt\" style=\"text-align: center;\"><span class=\"font-769965\" style=\"color: #000000;\"><br \/>\n<strong>PRESENTACI\u00d3N DE LAS OBRAS<\/strong><\/span><\/p>\n<p class=\"p-2 mb-1 bt\"><strong><span class=\"font-769965\" style=\"color: #000000;\">Las fotos deber\u00e1n enviarse hasta el 31 de octubre de 2026 en formato JPG por correo electr\u00f3nico a la direcci\u00f3n: concursofotografico2026@gmail.<br \/>\n<\/span><\/strong><\/p>\n<p class=\"p-2 mb-1 bt\"><strong><span class=\"font-769965\" style=\"color: #000000;\">En caso de que se concurse con fotos anal\u00f3gicas, estas deber\u00e1n entregarse personalmente en la sede de la Biblioteca: Av. Senador Mor\u00f3n 114 de Bella Vista, de lunes a viernes de 10 a 12 h y de 15 a 17 h.<\/span><\/strong><\/p>\n<p><span class=\"font-769965\" style=\"color: #000000;\">Cada participante podr\u00e1 presentar hasta tres (3) fotograf\u00edas como m\u00e1ximo.<br \/>\n<\/span><\/p>\n<p><span class=\"font-769965\" style=\"color: #000000;\">En el correo electr\u00f3nico de env\u00edo deber\u00e1 indicarse el t\u00edtulo de cada obra, si lo tuviera. En caso de concursar con dos o tres im\u00e1genes sin t\u00edtulo deber\u00e1n identificarse con los n\u00fameros 1, 2 o 3, seg\u00fan corresponda.<\/span><\/p>\n<p><span class=\"font-769965\" style=\"color: #000000;\">Junto con las fotograf\u00edas, deber\u00e1n enviarse los siguientes datos personales:<\/span><\/p>\n<p><span class=\"font-769965\" style=\"color: #000000;\"><br \/>\n<strong>NOMBRES Y APELLIDOS:<\/strong><br \/>\n<strong>No. DE DOCUMENTO:<\/strong><br \/>\n<strong>FECHA DE NACIMIENTO:<\/strong><br \/>\n<strong>DIRECCI\u00d3N DE CORREO ELECTR\u00d3NICO:<\/strong><br \/>\n<strong>No. CELULAR:<\/strong><\/span><\/p>\n<p><span class=\"font-769965\" style=\"color: #000000;\">Ser\u00e1 obligatorio el uso de seud\u00f3nimo que deber\u00e1 escribirlo en el asunto del correo electr\u00f3nico. En el caso de las fotograf\u00edas entregadas personalmente, el seud\u00f3nimo deber\u00e1 indicarse en un sobre aparte.<\/span><\/p>\n<p><span class=\"font-769965\" style=\"color: #000000;\">Los datos consignados tendr\u00e1n car\u00e1cter de Declaraci\u00f3n Jurada.<br \/>\n<\/span><\/p>\n<p><span class=\"font-769965\" style=\"color: #000000;\">Las obras que no cumplan los requisitos establecidos en las presentes bases no ser\u00e1n juzgadas y se considerar\u00e1n fuera de concurso.<\/span><\/p>\n<p style=\"text-align: center;\"><span class=\"font-769965\" style=\"color: #000000;\"><br \/>\n<strong>DERECHOS DE AUTOR Y REPRODUCCI\u00d3N<\/strong><\/span><\/p>\n<p><span class=\"font-769965\" style=\"color: #000000;\">Luego del proceso de selecci\u00f3n, se publicar\u00e1n las obras premiadas junto con los nombres de sus autores.<br \/>\n<\/span><\/p>\n<p><span class=\"font-769965\" style=\"color: #000000;\">Todos Los autores de las obras presentadas conservan el Derecho de propiedad intelectual sobre las mismas de acuerdo con la Ley 11.723.<br \/>\n<\/span><\/p>\n<p><span class=\"font-769965\" style=\"color: #000000;\">La organizaci\u00f3n del concurso, Biblioteca Popular Historiador Munz\u00f3n, se reserva el derecho de reproducir y\/o publicar en el futuro, las im\u00e1genes presentadas hayan sido premiadas o no, en cualquier medio o soporte, exclusivamente con fines de difusi\u00f3n de las actividades de la Biblioteca y sin fines de lucro.<\/span><\/p>\n<p><span class=\"font-769965\" style=\"color: #000000;\">El autor autoriza expresamente a los organizadores a reproducir sus obras mencionando su nombre.<\/span><\/p>\n<p style=\"text-align: center;\"><span class=\"font-769965\" style=\"color: #000000;\"><br \/>\n<strong>JURADO<\/strong><\/span><\/p>\n<p><span class=\"font-769965\" style=\"color: #000000;\">El jurado estar\u00e1 compuesto por tres miembros:<\/span><\/p>\n<p><span class=\"font-769965\" style=\"color: #000000;\"><strong>ABEL ALEXANDER<\/strong> Presidente de la Sociedad Iberoam\u00e9rica de Historia de la Fotograf\u00eda.<br \/>\n<strong>CELESTE GOMIZ<\/strong> Artista pl\u00e1stica.<br \/>\n<strong>ESTEBAN SEIJO<\/strong> Fot\u00f3grafo de prensa. Fotorreportero.<\/span><\/p>\n<p><span class=\"font-769965\" style=\"color: #000000;\"><br \/>\nLa evaluaci\u00f3n y selecci\u00f3n de las obras se realizar\u00e1 durante noviembre de 2026.<\/span><\/p>\n<p><span class=\"font-769965\" style=\"color: #000000;\">Los ganadores ser\u00e1n elegidos por el jurado y su decisi\u00f3n tendr\u00e1 car\u00e1cter inapelable.<\/span><\/p>\n<p><span class=\"font-769965\" style=\"color: #000000;\">Los nombres de los seleccionados ser\u00e1n publicados en las redes sociales de la Biblioteca Popular Historiador Munz\u00f3n. Asimismo, se les comunicar\u00e1 a los seleccionados por v\u00eda telef\u00f3nica y por correo electr\u00f3nico.<\/span><\/p>\n<p><span class=\"font-769965\" style=\"color: #000000;\">Los organizadores tendr\u00e1n tiempo de publicar y comunicar los nombres de los seleccionados hasta el 30 de noviembre de 2026.<\/span><\/p>\n<p><span class=\"font-769965\" style=\"color: #000000;\">Las obras seleccionadas ser\u00e1n expuestas en el evento NOCHE DE LIBROS que se realizar\u00e1 en el Corredor Aer\u00f3bico de Bella Vista los d\u00edas 11 y 12 de diciembre de 2026.<\/span><\/p>\n<p><span class=\"font-769965\" style=\"color: #000000;\">En el mismo evento se realizar\u00e1 la ceremonia de premiaci\u00f3n.<\/span><\/p>\n<p><span class=\"font-769965\" style=\"color: #000000;\">Los organizadores podr\u00e1n modificar la fecha de exposici\u00f3n y premiaci\u00f3n en caso de que la jornada sea postergada por cuestiones clim\u00e1ticas o de fuerza mayor sin que esto d\u00e9 lugar a reclamo alguno por parte de los participantes.<\/span><\/p>\n<p><span class=\"font-769965\" style=\"color: #000000;\">En caso de que las im\u00e1genes seleccionadas no cuenten con una resoluci\u00f3n suficiente para su copiado y montaje, se podr\u00e1 solicitar a los participantes seleccionados que reenv\u00eden sus archivos en alta resoluci\u00f3n a fin de realizar copias de calidad.<\/span><\/p>\n<p style=\"text-align: center;\"><span class=\"font-769965\" style=\"color: #000000;\"><br \/>\n<strong>PREMIOS<\/strong><\/span><\/p>\n<p style=\"text-align: left;\"><span class=\"font-769965\" style=\"color: #000000;\"><br \/>\n<span style=\"text-decoration: underline;\">Primer premio:<\/span><\/span><\/p>\n<ul style=\"list-style-type: circle;\">\n<li style=\"text-align: left;\"><span class=\"font-769965\" style=\"color: #000000;\">VIAJE A MAR DEL PLATA. INCLUYE: PASAJE Y 5 NOCHES DE HOTEL CON DESAYUNO para realizarse entre fines de febrero 2027 y marzo de 2027.<br \/>\n<\/span><\/li>\n<li style=\"text-align: left;\"><span class=\"font-769965\" style=\"color: #000000;\">UNA C\u00c1MARA FOTOGR\u00c1FICA ANAL\u00d3GICA.<\/span><\/li>\n<\/ul>\n<p><span class=\"font-769965\" style=\"color: #000000;\"><br \/>\n<span style=\"text-decoration: underline;\">Segundo premio<\/span><\/span><\/p>\n<ul style=\"list-style-type: circle;\">\n<li><span class=\"font-769965\" style=\"color: #000000;\">CENA SHOW EN TANGO ARGENTINO PARA DOS PERSONAS. A partir de marzo 2027.<\/span><\/li>\n<li><span class=\"font-769965\" style=\"color: #000000;\">UNA C\u00c1MARA FOTOGR\u00c1FICA ANAL\u00d3GICA y UN ROLLO DE 24 FOTOS EN BLANCO Y NEGRO<\/span><\/li>\n<\/ul>\n<p><span class=\"font-769965\" style=\"color: #000000;\"><br \/>\n<span style=\"text-decoration: underline;\">Cinco menciones:<\/span><\/span><\/p>\n<ul style=\"list-style-type: circle;\">\n<li><span class=\"font-769965\" style=\"color: #000000;\">MEMBREC\u00cdA POR UN A\u00d1O EN LA BIBLIOTECA POPULAR HISTORIADOR MUNZON, que incluye el retiro de libros para domicilio y descuentos para asociados en las diferentes actividades.<br \/>\n<\/span><\/li>\n<\/ul>\n<p><span class=\"font-769965\" style=\"color: #000000;\">Los organizadores se har\u00e1n cargo del costo del copiado y montaje de las obras seleccionadas.<\/span><\/p>\n<p><span class=\"font-769965\" style=\"color: #000000;\">La participaci\u00f3n en el presente concurso implica el conocimiento y aceptaci\u00f3n de las bases y condiciones de participaci\u00f3n.<\/span><\/p>\n<p><span class=\"font-769965\" style=\"color: #000000;\">Cualquier situaci\u00f3n no prevista en estas bases ser\u00e1 resuelta por los organizadores, cuya decisi\u00f3n ser\u00e1 inapelable.<\/span><\/p>\n<p style=\"text-align: center;\"><span class=\"font-769965\" style=\"color: #000000;\"><br \/>\n<strong>INFORMACI\u00d3N Y CONTACTO<\/strong><\/span><\/p>\n<p><span class=\"font-769965\" style=\"color: #000000;\">Para recibir informaci\u00f3n, la Biblioteca establece los siguientes medios de contacto:<\/span><\/p>\n<p><span class=\"font-769965\" style=\"color: #000000;\">Redes sociales: @BPHMunzon en Instagram y Facebook<\/span><\/p>\n<p><span class=\"font-769965\" style=\"color: #000000;\">Personalmente: Av. Senador Mor\u00f3n 114 de lunes a viernes de 10 a 12 h. y de 15 a 17 h.<\/span><\/p>\n<p><span class=\"font-769965\" style=\"color: #000000;\">Whatsapp:<strong> 11 3278 9590<\/strong><\/span><\/p>\n<p><span class=\"font-769965\" style=\"color: #000000;\">Tel\u00e9fono: <strong>4668-2270<\/strong><\/span><\/p>\n<p><span class=\"font-769965\" style=\"color: #000000;\">Correo electr\u00f3nico: <a href=\"mailto:concursofotografico2026@gmail.com\">concursofotografico2026@gmail.com<\/a><br \/>\n<\/span>[\/vc_column_text][vc_separator sep_color=&#8221;color-128080&#8243; uncode_shortcode_id=&#8221;176868&#8243; sep_color_type=&#8221;uncode-palette&#8221;][vc_column_text uncode_shortcode_id=&#8221;176623&#8243;]<\/p>\n<p style=\"text-align: center;\"><span style=\"font-size: 24pt; color: #000000;\"><span class=\"font-167140\">JUECES DEL CONCURSO<\/span><\/span><\/p>\n<p>[\/vc_column_text][vc_row_inner][vc_column_inner width=&#8221;1\/3&#8243;][vc_single_image media=&#8221;1003&#8243; media_width_percent=&#8221;100&#8243; uncode_shortcode_id=&#8221;137629&#8243;][\/vc_column_inner][vc_column_inner width=&#8221;1\/3&#8243;][vc_single_image media=&#8221;1004&#8243; media_width_percent=&#8221;100&#8243; uncode_shortcode_id=&#8221;865550&#8243;][\/vc_column_inner][vc_column_inner width=&#8221;1\/3&#8243;][vc_single_image media=&#8221;1034&#8243; media_width_percent=&#8221;100&#8243; uncode_shortcode_id=&#8221;213083&#8243;][\/vc_column_inner][\/vc_row_inner][vc_separator sep_color=&#8221;color-128080&#8243; uncode_shortcode_id=&#8221;176868&#8243; sep_color_type=&#8221;uncode-palette&#8221;][vc_column_text uncode_shortcode_id=&#8221;158123&#8243;]<\/p>\n<p style=\"text-align: center;\"><span style=\"font-size: 24pt; color: #000000;\"><span class=\"font-167140\">PREMIOS<\/span><\/span><\/p>\n<p>[\/vc_column_text][vc_single_image media=&#8221;1002&#8243; media_width_percent=&#8221;50&#8243; alignment=&#8221;center&#8221; mobile_visibility=&#8221;yes&#8221; uncode_shortcode_id=&#8221;106005&#8243;][vc_single_image media=&#8221;1002&#8243; media_lightbox=&#8221;yes&#8221; media_width_percent=&#8221;100&#8243; alignment=&#8221;center&#8221; desktop_visibility=&#8221;yes&#8221; medium_visibility=&#8221;yes&#8221; uncode_shortcode_id=&#8221;194110&#8243;][vc_separator sep_color=&#8221;color-128080&#8243; uncode_shortcode_id=&#8221;176868&#8243; sep_color_type=&#8221;uncode-palette&#8221;][\/vc_column][\/vc_row]<\/p>\n","protected":false},"excerpt":{"rendered":"<p>[vc_row][vc_column width=&#8221;1\/1&#8243;][vc_column_text uncode_shortcode_id=&#8221;662095&#8243;] CONCURSO FOTOGR\u00c1FICO 2026 EN LA BIBLIOTECA POPULAR HISTORIADOR MUNZ\u00d3N [\/vc_column_text][vc_separator sep_color=&#8221;color-128080&#8243; uncode_shortcode_id=&#8221;176868&#8243; sep_color_type=&#8221;uncode-palette&#8221;][vc_column_text uncode_shortcode_id=&#8221;840247&#8243;] Con motivo de [&hellip;]<\/p>\n","protected":false},"author":1,"featured_media":0,"parent":0,"menu_order":0,"comment_status":"closed","ping_status":"closed","template":"","meta":{"footnotes":""},"class_list":["post-1014","page","type-page","status-publish","hentry"],"_links":{"self":[{"href":"https:\/\/bibliotecamunzon.ar\/index.php\/wp-json\/wp\/v2\/pages\/1014","targetHints":{"allow":["GET"]}}],"collection":[{"href":"https:\/\/bibliotecamunzon.ar\/index.php\/wp-json\/wp\/v2\/pages"}],"about":[{"href":"https:\/\/bibliotecamunzon.ar\/index.php\/wp-json\/wp\/v2\/types\/page"}],"author":[{"embeddable":true,"href":"https:\/\/bibliotecamunzon.ar\/index.php\/wp-json\/wp\/v2\/users\/1"}],"replies":[{"embeddable":true,"href":"https:\/\/bibliotecamunzon.ar\/index.php\/wp-json\/wp\/v2\/comments?post=1014"}],"version-history":[{"count":22,"href":"https:\/\/bibliotecamunzon.ar\/index.php\/wp-json\/wp\/v2\/pages\/1014\/revisions"}],"predecessor-version":[{"id":1042,"href":"https:\/\/bibliotecamunzon.ar\/index.php\/wp-json\/wp\/v2\/pages\/1014\/revisions\/1042"}],"wp:attachment":[{"href":"https:\/\/bibliotecamunzon.ar\/index.php\/wp-json\/wp\/v2\/media?parent=1014"}],"curies":[{"name":"wp","href":"https:\/\/api.w.org\/{rel}","templated":true}]}}